{"id":3447,"date":"2023-03-19T15:36:31","date_gmt":"2023-03-19T15:36:31","guid":{"rendered":"https:\/\/www.residenzaleduepalme.com\/villasimius\/privacy-policy\/"},"modified":"2023-05-07T16:33:59","modified_gmt":"2023-05-07T16:33:59","slug":"privacy-policy","status":"publish","type":"page","link":"https:\/\/www.residenzaleduepalme.com\/villasimius\/de\/privacy-policy\/","title":{"rendered":"Datenschutzrichtlinie gem\u00e4\u00df der neuen GDPR-Verordnung"},"content":{"rendered":"<h6>Die vorliegende Datenschutzrichtlinie wurde am 01. Mai 2023 aktualisiert.<\/h6>\n<p>&nbsp;<\/p>\n<p>Sehr geehrter Benutzer, wir danken Ihnen f\u00fcr Ihren Besuch auf der Website <a href=\"https:\/\/www.residenzaleduepalme.com\">www.residenzaleduepalme.com<\/a>.<br \/>\nAuf dieser Seite m\u00f6chten wir Sie \u00fcber die Verwaltung Ihrer personenbezogenen Daten und die Verwendung von Cookies \u00fcber unsere Website gem\u00e4\u00df der EU-Verordnung 2016\/679 (DSGVO) zum Schutz personenbezogener Daten informieren.<\/p>\n<p>&nbsp;<\/p>\n<h3><strong>Verantwortlicher f\u00fcr die Datenverarbeitung<\/strong><\/h3>\n<p>Der Verantwortliche f\u00fcr die Verarbeitung der \u00fcber die Website <a href=\"https:\/\/www.residenzaleduepalme.com\">www.residenzaleduepalme.com<\/a> erhobenen personenbezogenen Daten ist die Firma <strong>2AL srl, mit Sitz in Via Cesare Cabras, 14 &#8211; 09042 Monserrato (CA) Sardinien &#8211; ITALIEN<\/strong>, vertreten durch den gesetzlichen Vertreter <strong>Ignazio Sanna<\/strong>.<\/p>\n<p>&nbsp;<\/p>\n<h3><strong>Arten der verarbeiteten personenbezogenen Daten<\/strong><\/h3>\n<p>Die \u00fcber die Website <a href=\"https:\/\/www.residenzaleduepalme.com\">www.residenzaleduepalme.com<\/a> verarbeiteten personenbezogenen Daten k\u00f6nnen Folgendes umfassen:<\/p>\n<p><strong>Navigationsdaten:<\/strong> Die IT-Systeme und Softwareverfahren, die zum Betrieb der Website verwendet werden, erfassen w\u00e4hrend ihres normalen Betriebs einige personenbezogene Daten, deren \u00dcbermittlung in der Nutzung der Kommunikationsprotokolle des Internets implizit ist. Diese Daten (wie z.B. die IP-Adresse des verwendeten Ger\u00e4ts) werden nicht erhoben, um bestimmten Benutzern zugeordnet zu werden, k\u00f6nnten jedoch aufgrund ihrer Natur die Identifizierung der Benutzer erm\u00f6glichen.<\/p>\n<p><strong>Von Benutzern bereitgestellte Daten:<\/strong> Die Website kann personenbezogene Daten des Benutzers erfassen, wie z.B. Name und E-Mail-Adresse, durch das Ausf\u00fcllen von Online-Formularen, die Registrierung f\u00fcr Veranstaltungen oder das Abonnieren von Newslettern.<\/p>\n<p>&nbsp;<\/p>\n<h3><strong>Zwecke der Verarbeitung personenbezogener Daten<\/strong><\/h3>\n<p>Die \u00fcber die Website www.residenzaleduepalme.com erhobenen personenbezogenen Daten werden ausschlie\u00dflich f\u00fcr folgende Zwecke verwendet:<\/p>\n<ul>\n<li>Um dem Benutzer die angeforderten Dienstleistungen zur Verf\u00fcgung zu stellen, wie z.B. das Versenden von Informationen, die Verwaltung von Reservierungen oder die Beantwortung von Informationsanfragen;<\/li>\n<li>Um kommerzielle und werbliche Mitteilungen zu senden, nur nach vorheriger Einwilligung des Benutzers;<\/li>\n<li>Um gesetzlichen und regulatorischen Verpflichtungen nachzukommen;<\/li>\n<\/ul>\n<p>&nbsp;<\/p>\n<p>&nbsp;<\/p>\n<h3><strong>Rechtsgrundlage f\u00fcr die Verarbeitung personenbezogener Daten<\/strong><\/h3>\n<p>Rechtsgrundlage f\u00fcr die Verarbeitung personenbezogener Daten durch die Website <a href=\"https:\/\/www.residenzaleduepalme.com\">www.residenzaleduepalme.com<\/a> ist die Einwilligung des Nutzers, sofern erforderlich, oder die Notwendigkeit, gesetzlichen oder vertraglichen Verpflichtungen nachzukommen.<\/p>\n<h3><\/h3>\n<p>&nbsp;<\/p>\n<h3><strong>Empf\u00e4nger personenbezogener Daten<\/strong><\/h3>\n<p>Die \u00fcber die Website <a href=\"https:\/\/www.residenzaleduepalme.com\">www.residenzaleduepalme.com<\/a> erhobenen personenbezogenen Daten k\u00f6nnen mit Dritten geteilt werden, die eng mit der Verwaltung der Website verbundene T\u00e4tigkeiten ausf\u00fchren, wie z.B. IT-Dienstleister oder Hosting-Anbieter. In jedem Fall werden die personenbezogenen Daten nicht verbreitet.<\/p>\n<h3><\/h3>\n<p>&nbsp;<\/p>\n<h3><strong>\u00dcbermittlung personenbezogener Daten au\u00dferhalb der Europ\u00e4ischen Union<\/strong><\/h3>\n<p>Die \u00fcber die Website <a href=\"https:\/\/www.residenzaleduepalme.com\">www.residenzaleduepalme.com<\/a> erhobenen personenbezogenen Daten werden nicht au\u00dferhalb der Europ\u00e4ischen Union \u00fcbermittelt.<\/p>\n<h3><\/h3>\n<p>&nbsp;<\/p>\n<h3><strong>Aufbewahrungsfrist personenbezogener Daten<\/strong><\/h3>\n<p>Die \u00fcber die Website www.residenzaleduepalme.com erhobenen personenbezogenen Daten werden f\u00fcr die Dauer aufbewahrt, die f\u00fcr die Erf\u00fcllung der Zwecke, f\u00fcr die sie erhoben wurden, erforderlich ist, es sei denn, es bestehen zus\u00e4tzliche gesetzliche Aufbewahrungspflichten.<\/p>\n<h3><\/h3>\n<p>&nbsp;<\/p>\n<h3><strong>Rechte der betroffenen Person<\/strong><\/h3>\n<p>Gem\u00e4\u00df der DSGVO hat der Benutzer das Recht auf:<\/p>\n<ul>\n<li>Zugang zu seinen personenbezogenen Daten und Erhalt einer Kopie davon;<\/li>\n<li>Berichtigung seiner unrichtigen oder unvollst\u00e4ndigen personenbezogenen Daten;<\/li>\n<li>L\u00f6schung seiner personenbezogenen Daten;<\/li>\n<li>Einschr\u00e4nkung der Verarbeitung seiner personenbezogenen Daten;<\/li>\n<li>Widerspruch gegen die Verarbeitung seiner personenbezogenen Daten;<\/li>\n<li>\u00dcbertragbarkeit seiner personenbezogenen Daten;<\/li>\n<li>Widerruf der Einwilligung zur Verarbeitung seiner personenbezogenen Daten.<\/li>\n<\/ul>\n<p>Um diese Rechte auszu\u00fcben, kann der Benutzer den Verantwortlichen f\u00fcr die Datenverarbeitung unter der E-Mail-Adresse <strong><a href=\"mailto:info@residenzaleduepalme.com\">info@residenzaleduepalme.com<\/a><\/strong> kontaktieren.<\/p>\n<h1><\/h1>\n<p>&nbsp;<\/p>\n<h1><strong>Cookies-Richtlinien<\/strong><\/h1>\n<p>Die Website <a href=\"https:\/\/www.residenzaleduepalme.com\">www.residenzaleduepalme.com<\/a> verwendet Cookies, um das Browsererlebnis des Nutzers zu verbessern. Cookies sind kleine Textdateien, die an den Browser des Nutzers gesendet und auf dem verwendeten Ger\u00e4t gespeichert werden. Die Website verwendet sowohl Session-Cookies als auch dauerhafte Cookies f\u00fcr verschiedene Zwecke, einschlie\u00dflich:<\/p>\n<ul>\n<li>Verbesserung der Website-Funktionalit\u00e4t;<\/li>\n<li>Sammeln von Informationen \u00fcber die Nutzung der Website;<\/li>\n<li>Bereitstellung personalisierter Inhalte und zielgerichteter Werbung;<\/li>\n<li>Erm\u00f6glichen es dem Nutzer, Eink\u00e4ufe zu t\u00e4tigen und auf gesch\u00fctzte Bereiche der Website zuzugreifen.<\/li>\n<\/ul>\n<p><strong>Der Nutzer kann die Zustimmung zu Cookies \u00fcber das Banner verwalten\/\u00e4ndern, das auf jeder Seite der Website angezeigt wird. Falls die Zustimmung bereits zuvor erteilt wurde, kann das Banner durch Klicken auf die entsprechende COOKIEBOT-Schaltfl\u00e4che unten links erneut aufgerufen werden.<\/strong><\/p>\n<p>Der Nutzer kann die Cookie-Einstellungen \u00fcber die Einstellungen seines Browsers verwalten. Die Deaktivierung von Cookies kann jedoch die Nutzung einiger Funktionen der Website beeintr\u00e4chtigen.<\/p>\n<h3><\/h3>\n<p>&nbsp;<\/p>\n<h3><strong>Aktualisierungen der Richtlinien<\/strong><\/h3>\n<p>Die Datenschutz- und Cookie-Richtlinien k\u00f6nnen regelm\u00e4\u00dfig aktualisiert werden, um etwaigen neuen Vorschriften oder \u00c4nderungen in der Verwaltung personenbezogener Daten gerecht zu werden. Im Falle wesentlicher \u00c4nderungen wird der Nutzer \u00fcber eine Benachrichtigung auf der Website informiert.<\/p>\n<p>Wir legen gro\u00dfen Wert auf maximale Transparenz und den Schutz der Privatsph\u00e4re unserer Nutzer. Bei Fragen oder Kl\u00e4rungsbedarf bez\u00fcglich der Verwaltung personenbezogener Daten bitten wir den Verantwortlichen unter der E-Mail-Adresse <a href=\"mailto:info@residenzaleduepalme.com\">info@residenzaleduepalme.com<\/a> zu kontaktieren.<\/p>\n","protected":false},"excerpt":{"rendered":"<p>Die vorliegende Datenschutzrichtlinie wurde am 01. Mai 2023 aktualisiert. &nbsp; Sehr geehrter Benutzer, wir danken Ihnen f\u00fcr Ihren Besuch auf der Website www.residenzaleduepalme.com. Auf dieser Seite m\u00f6chten wir Sie \u00fcber die Verwaltung Ihrer personenbezogenen Daten und die Verwendung von Cookies \u00fcber unsere Website gem\u00e4\u00df der EU-Verordnung 2016\/679 (DSGVO) zum Schutz personenbezogener Daten informieren. &nbsp; Verantwortlicher [&hellip;]<\/p>\n","protected":false},"author":1,"featured_media":0,"parent":0,"menu_order":0,"comment_status":"closed","ping_status":"open","template":"","meta":{"_monsterinsights_skip_tracking":false,"footnotes":""},"class_list":["post-3447","page","type-page","status-publish","hentry"],"yoast_head":"<!-- This site is optimized with the Yoast SEO plugin v22.0 - https:\/\/yoast.com\/wordpress\/plugins\/seo\/ -->\n<title>Datenschutzrichtlinie gem\u00e4\u00df der neuen GDPR-Verordnung - Residenza Le Due Palme: Residence Villasimius<\/title>\n<meta name=\"robots\" content=\"index, follow, max-snippet:-1, max-image-preview:large, max-video-preview:-1\" \/>\n<link rel=\"canonical\" href=\"https:\/\/www.residenzaleduepalme.com\/villasimius\/de\/privacy-policy\/\" \/>\n<meta property=\"og:locale\" content=\"de_DE\" \/>\n<meta property=\"og:type\" content=\"article\" \/>\n<meta property=\"og:title\" content=\"Datenschutzrichtlinie gem\u00e4\u00df der neuen GDPR-Verordnung - Residenza Le Due Palme: Residence Villasimius\" \/>\n<meta property=\"og:description\" content=\"Die vorliegende Datenschutzrichtlinie wurde am 01. Mai 2023 aktualisiert. &nbsp; Sehr geehrter Benutzer, wir danken Ihnen f\u00fcr Ihren Besuch auf der Website www.residenzaleduepalme.com. Auf dieser Seite m\u00f6chten wir Sie \u00fcber die Verwaltung Ihrer personenbezogenen Daten und die Verwendung von Cookies \u00fcber unsere Website gem\u00e4\u00df der EU-Verordnung 2016\/679 (DSGVO) zum Schutz personenbezogener Daten informieren. &nbsp; Verantwortlicher [&hellip;]\" \/>\n<meta property=\"og:url\" content=\"https:\/\/www.residenzaleduepalme.com\/villasimius\/de\/privacy-policy\/\" \/>\n<meta property=\"og:site_name\" content=\"Residenza Le Due Palme: Residence Villasimius\" \/>\n<meta property=\"article:modified_time\" content=\"2023-05-07T16:33:59+00:00\" \/>\n<meta name=\"twitter:card\" content=\"summary_large_image\" \/>\n<meta name=\"twitter:label1\" content=\"Gesch\u00e4tzte Lesezeit\" \/>\n\t<meta name=\"twitter:data1\" content=\"3\u00a0Minuten\" \/>\n<script type=\"application\/ld+json\" class=\"yoast-schema-graph\">{\"@context\":\"https:\/\/schema.org\",\"@graph\":[{\"@type\":\"WebPage\",\"@id\":\"https:\/\/www.residenzaleduepalme.com\/villasimius\/de\/privacy-policy\/\",\"url\":\"https:\/\/www.residenzaleduepalme.com\/villasimius\/de\/privacy-policy\/\",\"name\":\"Datenschutzrichtlinie gem\u00e4\u00df der neuen GDPR-Verordnung - Residenza Le Due Palme: Residence Villasimius\",\"isPartOf\":{\"@id\":\"https:\/\/www.residenzaleduepalme.com\/villasimius\/#website\"},\"datePublished\":\"2023-03-19T15:36:31+00:00\",\"dateModified\":\"2023-05-07T16:33:59+00:00\",\"breadcrumb\":{\"@id\":\"https:\/\/www.residenzaleduepalme.com\/villasimius\/de\/privacy-policy\/#breadcrumb\"},\"inLanguage\":\"de\",\"potentialAction\":[{\"@type\":\"ReadAction\",\"target\":[\"https:\/\/www.residenzaleduepalme.com\/villasimius\/de\/privacy-policy\/\"]}]},{\"@type\":\"BreadcrumbList\",\"@id\":\"https:\/\/www.residenzaleduepalme.com\/villasimius\/de\/privacy-policy\/#breadcrumb\",\"itemListElement\":[{\"@type\":\"ListItem\",\"position\":1,\"name\":\"Home\",\"item\":\"https:\/\/www.residenzaleduepalme.com\/villasimius\/de\/\"},{\"@type\":\"ListItem\",\"position\":2,\"name\":\"Datenschutzrichtlinie gem\u00e4\u00df der neuen GDPR-Verordnung\"}]},{\"@type\":\"WebSite\",\"@id\":\"https:\/\/www.residenzaleduepalme.com\/villasimius\/#website\",\"url\":\"https:\/\/www.residenzaleduepalme.com\/villasimius\/\",\"name\":\"Residenza Le Due Palme: Residence Villasimius\",\"description\":\"Appartamenti residence Villasimius, in Sardegna. Appartamenti vacanze a Villasimius, residence villasimius\",\"potentialAction\":[{\"@type\":\"SearchAction\",\"target\":{\"@type\":\"EntryPoint\",\"urlTemplate\":\"https:\/\/www.residenzaleduepalme.com\/villasimius\/?s={search_term_string}\"},\"query-input\":\"required name=search_term_string\"}],\"inLanguage\":\"de\"}]}<\/script>\n<!-- \/ Yoast SEO plugin. -->","yoast_head_json":{"title":"Datenschutzrichtlinie gem\u00e4\u00df der neuen GDPR-Verordnung - Residenza Le Due Palme: Residence Villasimius","robots":{"index":"index","follow":"follow","max-snippet":"max-snippet:-1","max-image-preview":"max-image-preview:large","max-video-preview":"max-video-preview:-1"},"canonical":"https:\/\/www.residenzaleduepalme.com\/villasimius\/de\/privacy-policy\/","og_locale":"de_DE","og_type":"article","og_title":"Datenschutzrichtlinie gem\u00e4\u00df der neuen GDPR-Verordnung - Residenza Le Due Palme: Residence Villasimius","og_description":"Die vorliegende Datenschutzrichtlinie wurde am 01. Mai 2023 aktualisiert. &nbsp; Sehr geehrter Benutzer, wir danken Ihnen f\u00fcr Ihren Besuch auf der Website www.residenzaleduepalme.com. Auf dieser Seite m\u00f6chten wir Sie \u00fcber die Verwaltung Ihrer personenbezogenen Daten und die Verwendung von Cookies \u00fcber unsere Website gem\u00e4\u00df der EU-Verordnung 2016\/679 (DSGVO) zum Schutz personenbezogener Daten informieren. &nbsp; Verantwortlicher [&hellip;]","og_url":"https:\/\/www.residenzaleduepalme.com\/villasimius\/de\/privacy-policy\/","og_site_name":"Residenza Le Due Palme: Residence Villasimius","article_modified_time":"2023-05-07T16:33:59+00:00","twitter_card":"summary_large_image","twitter_misc":{"Gesch\u00e4tzte Lesezeit":"3\u00a0Minuten"},"schema":{"@context":"https:\/\/schema.org","@graph":[{"@type":"WebPage","@id":"https:\/\/www.residenzaleduepalme.com\/villasimius\/de\/privacy-policy\/","url":"https:\/\/www.residenzaleduepalme.com\/villasimius\/de\/privacy-policy\/","name":"Datenschutzrichtlinie gem\u00e4\u00df der neuen GDPR-Verordnung - Residenza Le Due Palme: Residence Villasimius","isPartOf":{"@id":"https:\/\/www.residenzaleduepalme.com\/villasimius\/#website"},"datePublished":"2023-03-19T15:36:31+00:00","dateModified":"2023-05-07T16:33:59+00:00","breadcrumb":{"@id":"https:\/\/www.residenzaleduepalme.com\/villasimius\/de\/privacy-policy\/#breadcrumb"},"inLanguage":"de","potentialAction":[{"@type":"ReadAction","target":["https:\/\/www.residenzaleduepalme.com\/villasimius\/de\/privacy-policy\/"]}]},{"@type":"BreadcrumbList","@id":"https:\/\/www.residenzaleduepalme.com\/villasimius\/de\/privacy-policy\/#breadcrumb","itemListElement":[{"@type":"ListItem","position":1,"name":"Home","item":"https:\/\/www.residenzaleduepalme.com\/villasimius\/de\/"},{"@type":"ListItem","position":2,"name":"Datenschutzrichtlinie gem\u00e4\u00df der neuen GDPR-Verordnung"}]},{"@type":"WebSite","@id":"https:\/\/www.residenzaleduepalme.com\/villasimius\/#website","url":"https:\/\/www.residenzaleduepalme.com\/villasimius\/","name":"Residenza Le Due Palme: Residence Villasimius","description":"Appartamenti residence Villasimius, in Sardegna. Appartamenti vacanze a Villasimius, residence villasimius","potentialAction":[{"@type":"SearchAction","target":{"@type":"EntryPoint","urlTemplate":"https:\/\/www.residenzaleduepalme.com\/villasimius\/?s={search_term_string}"},"query-input":"required name=search_term_string"}],"inLanguage":"de"}]}},"_links":{"self":[{"href":"https:\/\/www.residenzaleduepalme.com\/villasimius\/de\/wp-json\/wp\/v2\/pages\/3447","targetHints":{"allow":["GET"]}}],"collection":[{"href":"https:\/\/www.residenzaleduepalme.com\/villasimius\/de\/wp-json\/wp\/v2\/pages"}],"about":[{"href":"https:\/\/www.residenzaleduepalme.com\/villasimius\/de\/wp-json\/wp\/v2\/types\/page"}],"author":[{"embeddable":true,"href":"https:\/\/www.residenzaleduepalme.com\/villasimius\/de\/wp-json\/wp\/v2\/users\/1"}],"replies":[{"embeddable":true,"href":"https:\/\/www.residenzaleduepalme.com\/villasimius\/de\/wp-json\/wp\/v2\/comments?post=3447"}],"version-history":[{"count":3,"href":"https:\/\/www.residenzaleduepalme.com\/villasimius\/de\/wp-json\/wp\/v2\/pages\/3447\/revisions"}],"predecessor-version":[{"id":3473,"href":"https:\/\/www.residenzaleduepalme.com\/villasimius\/de\/wp-json\/wp\/v2\/pages\/3447\/revisions\/3473"}],"wp:attachment":[{"href":"https:\/\/www.residenzaleduepalme.com\/villasimius\/de\/wp-json\/wp\/v2\/media?parent=3447"}],"curies":[{"name":"wp","href":"https:\/\/api.w.org\/{rel}","templated":true}]}}